{"id":33,"date":"2021-11-15T14:27:50","date_gmt":"2021-11-15T14:27:50","guid":{"rendered":"http:\/\/lesmotifs.blogcinemacentansdejeunesse.org\/blog\/?page_id=33"},"modified":"2021-11-18T14:33:14","modified_gmt":"2021-11-18T14:33:14","slug":"partenaires","status":"publish","type":"page","link":"http:\/\/lesmotifs.blogcinemacentansdejeunesse.org\/blog\/partenaires\/","title":{"rendered":"Partenaires"},"content":{"rendered":"\n<p class=\"has-text-color has-normal-font-size\" style=\"color:#ff770f\"><strong>NOUVEAUX PARTENAIRES:<\/strong>&nbsp;<\/p>\n\n\n\n<p class=\"has-normal-font-size\"><strong>Eye <\/strong><strong>Filmmusem<\/strong><strong>, <\/strong>Amsterdam, <strong>Pays Bas<\/strong><\/p>\n\n\n\n<p class=\"has-normal-font-size\"><strong>Screen Argyll, <\/strong>Isle of Mull, <strong>\u00c9cosse<\/strong><\/p>\n\n\n\n<p class=\"has-text-color has-normal-font-size\" style=\"color:#ff770f\"><strong>PARTENAIRES DU PROGRAMME :<\/strong><\/p>\n\n\n\n<p class=\"has-normal-font-size\"><strong>ALLEMAGNE<\/strong>:\u00a0<strong>Deutsche Kinemathek,<\/strong>\u00a0Berlin et l\u2019Universit\u00e9 de Br\u00eame\u00a0                  <strong>Deutsches Filminstitut &amp; Filmmuseum<\/strong>\u00a0<strong>(DFF)<\/strong>, Francfort<\/p>\n\n\n\n<p class=\"has-normal-font-size\"><strong>ARGENTINE<\/strong>: <strong>Cero en conducta<\/strong>, Rosario                                                                            <strong>Quiero cine !<\/strong>, Buenos Aires<\/p>\n\n\n\n<p class=\"has-normal-font-size\"><strong>BR\u00c9SIL:<\/strong>&nbsp;<strong>Imagens<\/strong>&nbsp;<strong>em Movimento<\/strong> (association Raiar) avec la Cinemateca do Museu de Arte Moderna, (MAM-Rio)&nbsp; Rio de Janeiro&nbsp;<\/p>\n\n\n\n<p class=\"has-normal-font-size\"><strong>Escola Carlitos<\/strong> avec la Cinemateca&nbsp;brasileira, S\u00e3o Paulo&nbsp;<\/p>\n\n\n\n<p class=\"has-normal-font-size\"><strong>BULGARIE<\/strong>:&nbsp;<strong>Association Arte Urbana Collectif <\/strong>avec le Festival \u00ab Rencontres du jeune cin\u00e9ma europ\u00e9en \u00bb, Sofia<\/p>\n\n\n\n<p class=\"has-normal-font-size\"><strong>CHILI<\/strong>: <strong>Cero en conducta<\/strong>, Santiago<\/p>\n\n\n\n<p class=\"has-black-color has-text-color has-normal-font-size\"><strong>ESPAGNE<\/strong>:&nbsp;<strong>Cinema en curs<\/strong> (association A Bao A Qu), Barcelone<\/p>\n\n\n\n<p class=\"has-black-color has-text-color has-normal-font-size\"><strong>FRANCE<\/strong>:&nbsp;<strong>Documentaire sur Grand \u00c9cran, avec le Cin\u00e9 104 <\/strong>(<strong>Ile-de-France<\/strong>) \/ <strong>Cin\u00e9ma Jean<\/strong>&nbsp;<strong>Renoir<\/strong>, Martigues (<strong>R\u00e9gion Sud &#8211;<\/strong>&nbsp;<strong>Provence-Alpes-C\u00f4te d\u2019Azur<\/strong>) \/ <strong>Cin\u00e9ma Mon Cin\u00e9<\/strong>, Saint Martin D\u2019H\u00e8res (<strong>Auvergne &#8211; Rh\u00f4ne-Alpes<\/strong>) \/ <strong>Institut Jean Vigo <\/strong>&#8211; Cin\u00e9math\u00e8que euro-r\u00e9gionale, Perpignan (<strong>Occitanie<\/strong>) \/ <strong>Corsica.Doc <\/strong>et La Cin\u00e9math\u00e8que de <strong>Corse<\/strong> \/<strong> L\u2019Artchipel, <\/strong>Sc\u00e8ne nationale de la <strong>Guadeloupe<\/strong> \/<strong> Tropiques Atrium<\/strong>, Sc\u00e8ne nationale de la <strong>Martinique<\/strong>&nbsp;\/ <strong>L\u2019Ecranlivradais<\/strong>&nbsp;(<strong>Nouvelle-Aquitaine<\/strong>)<\/p>\n\n\n\n<p class=\"has-black-color has-text-color has-normal-font-size\"><strong>ITALIE<\/strong>:&nbsp;<strong>Cineforum<\/strong>, Teramo<\/p>\n\n\n\n<p class=\"has-normal-font-size\"><strong>JAPON<\/strong>: <strong>Children meet cinema<\/strong>, Tokyo<\/p>\n\n\n\n<p class=\"has-normal-font-size\"><strong>LITUANIE<\/strong>:&nbsp;<strong>Meno Avilys, <\/strong>Vilnius&nbsp;<\/p>\n\n\n\n<p class=\"has-normal-font-size\"><strong>PAYS BAS : Eye Filmmusem, <\/strong>Amsterdam&nbsp;<em><strong>(nouveau)<\/strong><\/em><\/p>\n\n\n\n<p class=\"has-normal-font-size\"><strong>PORTUGAL<\/strong>: Association <strong>Os <\/strong><strong>Filhos<\/strong><strong> de Lumi\u00e8re <\/strong>avec la Cinemateca Portuguesa,<\/p>\n\n\n\n<p class=\"has-normal-font-size\">Lisbonne<\/p>\n\n\n\n<p class=\"has-normal-font-size\"><strong>ROYAUME-UNI (ANGLETERRE et ECOSSE)<\/strong>:&nbsp;<strong>British Film Institute<\/strong>, Londres et <strong>Screen<\/strong><strong> Argyll, <\/strong>Isle of Mull&nbsp;<em><strong>(nouveau)<\/strong><\/em><\/p>\n\n\n\n<p class=\"has-normal-font-size\"><strong>URUGUAY<\/strong>:&nbsp;<strong>Cineduca<\/strong><strong> CFE<\/strong>, Montevideo<\/p>\n","protected":false},"excerpt":{"rendered":"<p>NOUVEAUX PARTENAIRES:&nbsp; Eye Filmmusem, Amsterdam, Pays Bas Screen Argyll, Isle of Mull, \u00c9cosse PARTENAIRES DU PROGRAMME : ALLEMAGNE:\u00a0Deutsche Kinemathek,\u00a0Berlin et l\u2019Universit\u00e9 de Br\u00eame\u00a0 Deutsches Filminstitut &amp; Filmmuseum\u00a0(DFF), Francfort ARGENTINE: Cero en conducta, Rosario Quiero cine !, Buenos Aires BR\u00c9SIL:&nbsp;Imagens&nbsp;em Movimento &hellip; <a href=\"http:\/\/lesmotifs.blogcinemacentansdejeunesse.org\/blog\/partenaires\/\">Continuer la lecture <span class=\"meta-nav\">&rarr;<\/span><\/a><\/p>\n","protected":false},"author":1,"featured_media":0,"parent":0,"menu_order":0,"comment_status":"closed","ping_status":"closed","template":"","meta":[],"_links":{"self":[{"href":"http:\/\/lesmotifs.blogcinemacentansdejeunesse.org\/blog\/wp-json\/wp\/v2\/pages\/33"}],"collection":[{"href":"http:\/\/lesmotifs.blogcinemacentansdejeunesse.org\/blog\/wp-json\/wp\/v2\/pages"}],"about":[{"href":"http:\/\/lesmotifs.blogcinemacentansdejeunesse.org\/blog\/wp-json\/wp\/v2\/types\/page"}],"author":[{"embeddable":true,"href":"http:\/\/lesmotifs.blogcinemacentansdejeunesse.org\/blog\/wp-json\/wp\/v2\/users\/1"}],"replies":[{"embeddable":true,"href":"http:\/\/lesmotifs.blogcinemacentansdejeunesse.org\/blog\/wp-json\/wp\/v2\/comments?post=33"}],"version-history":[{"count":9,"href":"http:\/\/lesmotifs.blogcinemacentansdejeunesse.org\/blog\/wp-json\/wp\/v2\/pages\/33\/revisions"}],"predecessor-version":[{"id":239,"href":"http:\/\/lesmotifs.blogcinemacentansdejeunesse.org\/blog\/wp-json\/wp\/v2\/pages\/33\/revisions\/239"}],"wp:attachment":[{"href":"http:\/\/lesmotifs.blogcinemacentansdejeunesse.org\/blog\/wp-json\/wp\/v2\/media?parent=33"}],"curies":[{"name":"wp","href":"https:\/\/api.w.org\/{rel}","templated":true}]}}